{"id":3769,"date":"2022-01-12T22:33:48","date_gmt":"2022-01-12T22:33:48","guid":{"rendered":"https:\/\/uasolucions.com\/legislation\/legislacion-productos-cosmeticos\/"},"modified":"2022-01-12T22:33:49","modified_gmt":"2022-01-12T22:33:49","slug":"legislacion-productos-cosmeticos","status":"publish","type":"page","link":"https:\/\/uasolucions.com\/fr\/legislacions\/legislacion-productos-cosmeticos\/","title":{"rendered":"Legislaci\u00f3n productos cosm\u00e9ticos"},"content":{"rendered":"<p>[et_pb_section fb_built=\u00a0\u00bb1&Prime; _builder_version=\u00a0\u00bb4.13.1&Prime; _module_preset=\u00a0\u00bbdefault\u00a0\u00bb background_color=\u00a0\u00bb#A2EAD4&Prime; background_color_gradient_start=\u00a0\u00bb#084960&Prime; background_color_gradient_end=\u00a0\u00bb#75ddd9&Prime; background_color_gradient_direction=\u00a0\u00bb56deg\u00a0\u00bb background_enable_image=\u00a0\u00bboff\u00a0\u00bb custom_margin=\u00a0\u00bb160px||||false|false\u00a0\u00bb custom_margin_tablet=\u00a0\u00bb80px||||false|false\u00a0\u00bb custom_margin_phone=\u00a0\u00bb80px||||false|false\u00a0\u00bb custom_margin_last_edited=\u00a0\u00bbon|tablet\u00a0\u00bb custom_padding=\u00a0\u00bb0px||0px||true|false\u00a0\u00bb global_colors_info=\u00a0\u00bb{}\u00a0\u00bb][et_pb_row use_custom_gutter=\u00a0\u00bbon\u00a0\u00bb gutter_width=\u00a0\u00bb1&Prime; make_equal=\u00a0\u00bbon\u00a0\u00bb _builder_version=\u00a0\u00bb4.13.1&Prime; _module_preset=\u00a0\u00bbdefault\u00a0\u00bb background_color=\u00a0\u00bb#A2EAD4&Prime; background_image=\u00a0\u00bbhttps:\/\/uasolucions.com\/wp-content\/uploads\/2021\/12\/hdr-bg-cosmetica.png\u00a0\u00bb background_blend=\u00a0\u00bbmultiply\u00a0\u00bb width=\u00a0\u00bb90%\u00a0\u00bb max_width=\u00a0\u00bb100%\u00a0\u00bb module_alignment=\u00a0\u00bbcenter\u00a0\u00bb height=\u00a0\u00bb500px\u00a0\u00bb height_tablet=\u00a0\u00bb400px\u00a0\u00bb height_phone=\u00a0\u00bb300px\u00a0\u00bb height_last_edited=\u00a0\u00bbon|desktop\u00a0\u00bb custom_margin=\u00a0\u00bb||||false|true\u00a0\u00bb custom_padding=\u00a0\u00bb0px|30px|0px|30px|true|true\u00a0\u00bb custom_css_main_element=\u00a0\u00bbalign-items:center;\u00a0\u00bb global_colors_info=\u00a0\u00bb{}\u00a0\u00bb custom_css_main_element_last_edited=\u00a0\u00bbon|desktop\u00a0\u00bb custom_css_main_element_tablet=\u00a0\u00bbalign-items:center;\u00a0\u00bb custom_css_main_element_phone=\u00a0\u00bbalign-items:center;\u00a0\u00bb][et_pb_column type=\u00a0\u00bb4_4&Prime; _builder_version=\u00a0\u00bb4.13.1&Prime; _module_preset=\u00a0\u00bbdefault\u00a0\u00bb global_colors_info=\u00a0\u00bb{}\u00a0\u00bb][et_pb_blurb image_icon_background_color=\u00a0\u00bbRGBA(0,0,0,0)\u00a0\u00bb image=\u00a0\u00bbhttps:\/\/uasolucions.com\/wp-content\/uploads\/2021\/12\/legist-icon-cosmetics.png\u00a0\u00bb image_icon_width=\u00a0\u00bb150px\u00a0\u00bb icon_alignment=\u00a0\u00bbleft\u00a0\u00bb content_max_width=\u00a0\u00bb100%\u00a0\u00bb image_icon_width_tablet=\u00a0\u00bb120px\u00a0\u00bb image_icon_width_phone=\u00a0\u00bb80px\u00a0\u00bb image_icon_width_last_edited=\u00a0\u00bbon|phone\u00a0\u00bb _builder_version=\u00a0\u00bb4.13.1&Prime; _module_preset=\u00a0\u00bbdefault\u00a0\u00bb header_font=\u00a0\u00bbSilka Light||||||||\u00a0\u00bb header_text_color=\u00a0\u00bb#FFFFFF\u00a0\u00bb header_font_size=\u00a0\u00bb25px\u00a0\u00bb body_font=\u00a0\u00bbSilka Light||||||||\u00a0\u00bb body_text_color=\u00a0\u00bb#FFFFFF\u00a0\u00bb body_font_size=\u00a0\u00bb45px\u00a0\u00bb body_line_height=\u00a0\u00bb1em\u00a0\u00bb image_icon_custom_margin=\u00a0\u00bb||||false|false\u00a0\u00bb image_icon_custom_margin_tablet=\u00a0\u00bb||||false|false\u00a0\u00bb image_icon_custom_margin_phone=\u00a0\u00bb||||false|false\u00a0\u00bb image_icon_custom_margin_last_edited=\u00a0\u00bbon|desktop\u00a0\u00bb image_icon_custom_padding=\u00a0\u00bb||140px||false|false\u00a0\u00bb image_icon_custom_padding_tablet=\u00a0\u00bb||108px||false|false\u00a0\u00bb image_icon_custom_padding_phone=\u00a0\u00bb||75px||false|false\u00a0\u00bb image_icon_custom_padding_last_edited=\u00a0\u00bbon|phone\u00a0\u00bb module_alignment=\u00a0\u00bbleft\u00a0\u00bb custom_margin=\u00a0\u00bb20px||20px||true|false\u00a0\u00bb custom_margin_tablet=\u00a0\u00bb20px||20px||true|false\u00a0\u00bb custom_margin_phone=\u00a0\u00bb20px||20px||true|false\u00a0\u00bb custom_margin_last_edited=\u00a0\u00bbon|phone\u00a0\u00bb header_font_size_tablet=\u00a0\u00bb20px\u00a0\u00bb header_font_size_phone=\u00a0\u00bb20px\u00a0\u00bb header_font_size_last_edited=\u00a0\u00bbon|desktop\u00a0\u00bb body_font_size_tablet=\u00a0\u00bb30px\u00a0\u00bb body_font_size_phone=\u00a0\u00bb24px\u00a0\u00bb body_font_size_last_edited=\u00a0\u00bbon|desktop\u00a0\u00bb global_colors_info=\u00a0\u00bb{}\u00a0\u00bb]<\/p>\n<p>Legislaci\u00f3n de<br \/>productos cosm\u00e9ticos<\/p>\n<p>[\/et_pb_blurb][\/et_pb_column][\/et_pb_row][\/et_pb_section][et_pb_section fb_built=\u00a0\u00bb1&Prime; custom_padding_last_edited=\u00a0\u00bbon|desktop\u00a0\u00bb _builder_version=\u00a0\u00bb4.13.1&Prime; _module_preset=\u00a0\u00bbdefault\u00a0\u00bb background_color=\u00a0\u00bb#A2EAD4&Prime; custom_padding=\u00a0\u00bb100px||100px||true|false\u00a0\u00bb custom_padding_tablet=\u00a0\u00bb40px||40px||true|false\u00a0\u00bb custom_padding_phone=\u00a0\u00bb20px||20px||true|false\u00a0\u00bb global_colors_info=\u00a0\u00bb{}\u00a0\u00bb][et_pb_row column_structure=\u00a0\u00bb2_5,3_5&Prime; use_custom_gutter=\u00a0\u00bbon\u00a0\u00bb gutter_width=\u00a0\u00bb2&Prime; _builder_version=\u00a0\u00bb4.13.1&Prime; _module_preset=\u00a0\u00bbdefault\u00a0\u00bb max_width=\u00a0\u00bb1440px\u00a0\u00bb global_colors_info=\u00a0\u00bb{}\u00a0\u00bb][et_pb_column type=\u00a0\u00bb2_5&Prime; _builder_version=\u00a0\u00bb4.13.1&Prime; _module_preset=\u00a0\u00bbdefault\u00a0\u00bb global_colors_info=\u00a0\u00bb{}\u00a0\u00bb][et_pb_text _builder_version=\u00a0\u00bb4.13.1&Prime; _module_preset=\u00a0\u00bbdefault\u00a0\u00bb text_font=\u00a0\u00bbSilka Medium||||||||\u00a0\u00bb text_text_color=\u00a0\u00bb#084960&Prime; text_font_size=\u00a0\u00bb18px\u00a0\u00bb text_line_height=\u00a0\u00bb1.3em\u00a0\u00bb hover_enabled=\u00a0\u00bb0&Prime; text_font_size_tablet=\u00a0\u00bb16px\u00a0\u00bb text_font_size_phone=\u00a0\u00bb14px\u00a0\u00bb text_font_size_last_edited=\u00a0\u00bbon|phone\u00a0\u00bb global_colors_info=\u00a0\u00bb{}\u00a0\u00bb sticky_enabled=\u00a0\u00bb0&Prime;]<\/p>\n<p>En este apartado se resume la legislaci\u00f3n aplicable a los productos cosm\u00e9ticos en Espa\u00f1a.<\/p>\n<p>[\/et_pb_text][\/et_pb_column][et_pb_column type=\u00a0\u00bb3_5&Prime; _builder_version=\u00a0\u00bb4.13.1&Prime; _module_preset=\u00a0\u00bbdefault\u00a0\u00bb global_colors_info=\u00a0\u00bb{}\u00a0\u00bb][et_pb_accordion open_toggle_text_color=\u00a0\u00bb#084960&Prime; icon_color=\u00a0\u00bb#13C9D6&Prime; use_icon_font_size=\u00a0\u00bbon\u00a0\u00bb icon_font_size=\u00a0\u00bb30px\u00a0\u00bb _builder_version=\u00a0\u00bb4.13.1&Prime; _module_preset=\u00a0\u00bbdefault\u00a0\u00bb toggle_text_color=\u00a0\u00bb#084960&Prime; toggle_font=\u00a0\u00bbSilka Bold|||on|||||\u00a0\u00bb toggle_font_size=\u00a0\u00bb20px\u00a0\u00bb body_font=\u00a0\u00bbSilka Light||||||||\u00a0\u00bb body_text_color=\u00a0\u00bb#084960&Prime; body_font_size=\u00a0\u00bb20px\u00a0\u00bb body_link_text_color=\u00a0\u00bb#13C9D6&Prime; toggle_font_size_tablet=\u00a0\u00bb20px\u00a0\u00bb toggle_font_size_phone=\u00a0\u00bb16px\u00a0\u00bb toggle_font_size_last_edited=\u00a0\u00bbon|desktop\u00a0\u00bb body_font_size_tablet=\u00a0\u00bb16px\u00a0\u00bb body_font_size_phone=\u00a0\u00bb14px\u00a0\u00bb body_font_size_last_edited=\u00a0\u00bbon|phone\u00a0\u00bb global_colors_info=\u00a0\u00bb{}\u00a0\u00bb sticky_enabled=\u00a0\u00bb0&Prime; icon_font_size_tablet=\u00a0\u00bb30px\u00a0\u00bb icon_font_size_phone=\u00a0\u00bb24px\u00a0\u00bb icon_font_size_last_edited=\u00a0\u00bbon|phone\u00a0\u00bb body_line_height=\u00a0\u00bb1.5em\u00a0\u00bb body_ul_font=\u00a0\u00bbSilka Light||||||||\u00a0\u00bb body_ul_font_size=\u00a0\u00bb20px\u00a0\u00bb body_ul_font_size_tablet=\u00a0\u00bb16px\u00a0\u00bb body_ul_font_size_phone=\u00a0\u00bb16px\u00a0\u00bb body_ul_font_size_last_edited=\u00a0\u00bbon|desktop\u00a0\u00bb body_ul_line_height=\u00a0\u00bb1.5em\u00a0\u00bb hover_enabled=\u00a0\u00bb0&Prime;][et_pb_accordion_item title=\u00a0\u00bbLEGISLACI\u00d3N ESPA\u00d1OLA\u00a0\u00bb open=\u00a0\u00bboff\u00a0\u00bb _builder_version=\u00a0\u00bb4.13.1&Prime; _module_preset=\u00a0\u00bbdefault\u00a0\u00bb hover_enabled=\u00a0\u00bb0&Prime; global_colors_info=\u00a0\u00bb{}\u00a0\u00bb sticky_enabled=\u00a0\u00bb0&Prime;]<\/p>\n<p><a href=\"https:\/\/drive.google.com\/open?id=19MEjlFx-FVAGuZmwZfY6B4jICSjLBcCL\">Real Decreto 85\/2018<\/a>, de 23 de febrero, sobre productos cosm\u00e9ticos.<\/p>\n<p><a href=\"https:\/\/docs.google.com\/open?id=0B1BcifcYWXmLNzREeU5lRUdKUkE\">Real Decreto 1599\/1997<\/a>, de 17 de octubre, sobre productos cosm\u00e9ticos. <\/p>\n<h5>Modificado por:<\/h5>\n<p><a href=\"https:\/\/docs.google.com\/open?id=0B1BcifcYWXmLdzduQ3hYS2xDVTQ\">Real Decreto 944\/2010<\/a>, de 23 de julio, por el que se modifica el Real Decreto 1599\/1997, de 17 de octubre, sobre productos cosm\u00e9ticos para adaptarlo al Reglamento (CE) n.\u00ba 1272\/2008, del Parlamento Europeo y del Consejo, de 16 de diciembre de 2008, sobre clasificaci\u00f3n, etiquetado y envasado de sustancias y mezclas.<\/p>\n<p><a href=\"https:\/\/docs.google.com\/open?id=0B1BcifcYWXmLbnRlT3JCd01qOW8\">Real Decreto 209\/2005<\/a>, de 25 de febrero, por el que se modifica el Real Decreto 1599\/1997, de 17 de octubre sobre productos cosm\u00e9ticos. <\/p>\n<p><a href=\"https:\/\/docs.google.com\/open?id=0B1BcifcYWXmLTDFack8xWGJudms\">Real Decreto 2131\/2004<\/a>, de 29 de octubre, por el que se modifica el Real Decreto 1599\/1997, de 17 de octubre, sobre productos cosm\u00e9ticos.<\/p>\n<p><a href=\"https:\/\/docs.google.com\/open?id=0B1BcifcYWXmLSUN0eElQNWxFQTg\">Orden SSI\/2260\/2012<\/a>, de 16 de octubre, por la que se modifica el anexo III del Real Decreto 1599\/1997, de 17 de octubre, sobre productos cosm\u00e9ticos.<\/p>\n<p><a href=\"https:\/\/docs.google.com\/open?id=0B1BcifcYWXmLdm8ySmFvVzh5MVU\">Orden SPI\/3375\/2011<\/a>, de 1 de diciembre, por la que se modifican los anexos II y III del Real Decreto 1599\/1997, de 17 de octubre, sobre productos cosm\u00e9ticos.<\/p>\n<p><a href=\"https:\/\/docs.google.com\/open?id=0B1BcifcYWXmLN3kwb21Xa0JhY0k\">Orden SAS\/2063\/2010<\/a>, de 23 de julio, por la que se modifican los anexos III y VI del Real Decreto 1599\/1997, de 17 de octubre, sobre productos cosm\u00e9ticos. <\/p>\n<p><a href=\"https:\/\/docs.google.com\/open?id=0B1BcifcYWXmLN21ydnlXc2pXbGM\">Orden SAS\/2062\/2010<\/a>, de 23 de julio, por la que se modifican los anexos II y III del Real Decreto 1599\/1997, de 17 de octubre, sobre productos cosm\u00e9ticos.<\/p>\n<p><a href=\"https:\/\/docs.google.com\/open?id=0B1BcifcYWXmLWEFBeHB6UGhTRDQ\">Orden SAS\/2061\/2010<\/a>, de 23 de julio, por la que se modifica el anexo III del Real Decreto 1599\/1997, de 17 de octubre, sobre productos cosm\u00e9ticos. <\/p>\n<p><a href=\"https:\/\/docs.google.com\/open?id=0B1BcifcYWXmLYkliQTJ6dGRmd0k\">Orden SAS\/1166\/2010<\/a>, de 30 de abril, por la que se modifica el Anexo III del Real Decreto 1599\/1997, de 17 de octubre, sobre productos cosm\u00e9ticos. <\/p>\n<p><a href=\"https:\/\/docs.google.com\/open?id=0B1BcifcYWXmLT0dWQjU0ZVRQVms\">Correcci\u00f3n de errores<\/a> de la Orden SAS\/1166\/2010, de 30 de abril, por la que se modifica el anexo III del Real Decreto 1599\/1997, de 17 de octubre, sobre productos cosm\u00e9ticos. <\/p>\n<p><a href=\"https:\/\/docs.google.com\/open?id=0B1BcifcYWXmLTHV3V0o2YnNwWXM\">Orden SAS\/642\/2010<\/a>, de 9 de marzo, por la que se modifica el Anexo III del Real Decreto 1599\/1997, de 17 de octubre, sobre productos cosm\u00e9ticos.<\/p>\n<p><a href=\"https:\/\/docs.google.com\/open?id=0B1BcifcYWXmLWFFVS0pUZjVlMUU\">Orden SAS\/346\/2010<\/a>, de 19 de febrero, por la que se modifica el Anexo III del Real Decreto 1599\/1997, de 17 de octubre, sobre productos cosm\u00e9ticos. <\/p>\n<p><a href=\"https:\/\/docs.google.com\/open?id=0B1BcifcYWXmLQlBPeFBBbXVCSHM\">Orden SAS\/3292\/2009<\/a>, de 27 de noviembre, por la que se modifica el Anexo III del Real Decreto 1599\/1997, de 17 de octubre, sobre productos cosm\u00e9ticos.<\/p>\n<p><a href=\"https:\/\/docs.google.com\/open?id=0B1BcifcYWXmLOE13RURSN0xxekE\">Orden SAS\/1868\/2009<\/a>, de 8 de julio, por la que se modifican los anexos II, III y VII del Real Decreto 1599\/1997, de 17 de octubre, sobre productos cosm\u00e9ticos. <\/p>\n<p><a href=\"https:\/\/docs.google.com\/open?id=0B1BcifcYWXmLYm1uWm0xQ3RWaW8\">Orden SCO\/322\/2009<\/a>, de 13 de febrero, por la que se modifican los anexos II y III del Real Decreto 1599\/1997, de 17 de octubre, sobre productos cosm\u00e9ticos. <\/p>\n<p><a href=\"https:\/\/docs.google.com\/open?id=0B1BcifcYWXmLaG9ZSmp5c0pGbTQ\">Orden SCO\/2242\/2008<\/a>, de 22 de julio, por la que se modifican los anexos II y III del Real Decreto 1599\/1997, de 17 de octubre, sobre productos cosm\u00e9ticos. <\/p>\n<p><a href=\"https:\/\/docs.google.com\/open?id=0B1BcifcYWXmLLV9ZVWluTHBVSkk\">Orden SCO\/719\/2008<\/a>, de 7 de marzo, por la que se modifican los anexos II y III del Real Decreto 1599\/1997, de 17 de octubre, sobre productos cosm\u00e9ticos.<\/p>\n<p><a href=\"https:\/\/docs.google.com\/open?id=0B1BcifcYWXmLS01PYmlsQ0k3T0k\">Orden SCO\/3089\/2007<\/a>, de 19 de octubre, por la que se modifican los anexos III, IV y VI del Real Decreto 1599\/1997, de 17 de octubre, sobre productos cosm\u00e9ticos.<\/p>\n<p><a href=\"https:\/\/docs.google.com\/open?id=0B1BcifcYWXmLVTJVWWlSMnN6c00\">Orden SCO\/2614\/2007<\/a>, de 4 de septiembre, por la que se modifica el Anexo II del Real Decreto 1599\/1997, de 17 de octubre, sobre productos cosm\u00e9ticos.<\/p>\n<p><a href=\"https:\/\/docs.google.com\/open?id=0B1BcifcYWXmLTVptYjVZWjQtZGs\">Orden SCO\/1929\/2007<\/a>, de 22 de junio, por la que se modifica el Anexo X del Real Decreto 1599\/1997, de 17 de octubre, sobre productos cosm\u00e9ticos.<\/p>\n<p><a href=\"https:\/\/docs.google.com\/open?id=0B1BcifcYWXmLazkwZk05MVN6SUk\">Orden SCO\/504\/2007<\/a>, de 5 de marzo, por la que se modifica el anexo II del Real Decreto 1599\/1997, de 17 de octubre, sobre productos cosm\u00e9ticos.<\/p>\n<p><a href=\"https:\/\/docs.google.com\/open?id=0B1BcifcYWXmLX3pBMTg1cWdPc1k\">Orden SCO\/3283\/2006<\/a>, de 19 de octubre, por la que se modifican los anexos II y III del Real Decreto 1599\/1997, de 17 de octubre, sobre productos cosm\u00e9ticos. <\/p>\n<p><a href=\"https:\/\/docs.google.com\/open?id=0B1BcifcYWXmLQnhNaUFPcFlzc0k\">Orden SCO\/1730\/2006<\/a>, de 24 de mayo, por la que se modifican los anexos II y III del Real Decreto 1599\/1997, de 17 de octubre, sobre productos cosm\u00e9ticos. <\/p>\n<p><a href=\"https:\/\/docs.google.com\/open?id=0B1BcifcYWXmLTW44d19EREM3UVU\">Orden SCO\/747\/2006<\/a>, de 9 de marzo, por la que se modifican los anexos II, III, IV y VI del Real Decreto 1599\/1997, de 17 de octubre, sobre productos cosm\u00e9ticos. <\/p>\n<p><a href=\"https:\/\/docs.google.com\/open?id=0B1BcifcYWXmLX0ZxdWxhMEFCaDQ\">Orden SCO\/3691\/2005<\/a>, de 25 de noviembre, por la que se modifica el anexo VII del Real Decreto 1599\/1997, de 17 de octubre, sobre productos cosm\u00e9ticos. <\/p>\n<p><a href=\"https:\/\/docs.google.com\/open?id=0B1BcifcYWXmLOXZkZW9jWEk1Q2M\">Orden SCO\/544\/2005<\/a>, de 8 de marzo, por la que se modifican los anexos II y III y se establece el contenido del anexo IX del Real Decreto 1599\/1997, de 17 de octubre sobre productos cosm\u00e9ticos. <\/p>\n<p><a href=\"https:\/\/docs.google.com\/open?id=0B1BcifcYWXmLajNoczNTTnZ0Sm8\">Orden SCO\/3664\/2004<\/a>, de 11 de noviembre, por la que se modifica el anexo III del Real Decreto 1599\/1997, de 17 de octubre sobre productos cosm\u00e9ticos. <\/p>\n<p><a href=\"https:\/\/docs.google.com\/open?id=0B1BcifcYWXmLUEtyQlRIemdHNFU\">Orden SCO\/2592\/2004<\/a>, de 21 de julio, que modifica los anexos II, III y VI del Real Decreto 1599\/1997, de 17 de octubre, sobre productos cosm\u00e9ticos. <\/p>\n<p><a href=\"https:\/\/docs.google.com\/open?id=0B1BcifcYWXmLOXJyalZqLU9OSEk\">Orden SCO\/1448\/2003<\/a>, de 23 de mayo, por la que se modifican los anexos II y III del Real Decreto 1599\/1997, de 17 de octubre sobre productos cosm\u00e9ticos. <\/p>\n<p><a href=\"https:\/\/docs.google.com\/open?id=0B1BcifcYWXmLRjJUUWlLeFVKSVU\">Orden SCO\/249\/2003, de 5 de febrero<\/a>, por la que se modifican los anexos de Real Decreto 1599\/1997, de 17 de octubre sobre productos cosm\u00e9ticos. <\/p>\n<p><a href=\"https:\/\/docs.google.com\/open?id=0B1BcifcYWXmLY252a3pZVTZlRHM\">Orden de 3 de agosto de 2000<\/a>, por la que se adaptan por tercera vez al progreso t\u00e9cnico los anexos del Real Decreto 1599\/1997, de 17 de octubre sobre productos cosm\u00e9ticos. <\/p>\n<p><a href=\"https:\/\/docs.google.com\/open?id=0B1BcifcYWXmLYk9LWElmcGgyMTg\">Orden de 26 de abril de 1999<\/a>, por la que se adaptan por segunda vez al progreso t\u00e9cnico los anexos del Real Decreto 1599\/1997, de 17 de octubre sobre productos cosm\u00e9ticos. <\/p>\n<p><a href=\"https:\/\/docs.google.com\/open?id=0B1BcifcYWXmLSVdqVjBWSlc1U3M\">Orden de 4 de junio de 1998<\/a>, por la que se adaptan por primera vez al progreso t\u00e9cnico los anexos del Real Decreto 1599\/1997, de 17 de octubre sobre productos cosm\u00e9ticos. <\/p>\n<p><a href=\"https:\/\/docs.google.com\/open?id=0B1BcifcYWXmLVnc2bC1hVUw2ZGs\">Orden de 23 de julio de 1997<\/a>, por la que se modifica el anexo de la Orden de 28 de septiembre de 1989, que establece los m\u00e9todos de an\u00e1lisis necesarios para el control de la composici\u00f3n de los productos cosm\u00e9ticos. <\/p>\n<p><a href=\"https:\/\/docs.google.com\/open?id=0B1BcifcYWXmLUHh5T01tQ0pyUEE\">Orden de 25 de marzo de 1996<\/a>, por la que se modifica el anexo de la Orden de 28 de septiembre de 1989, que establece los m\u00e9todos de an\u00e1lisis necesarios para el control de la composici\u00f3n de los productos cosm\u00e9ticos. <\/p>\n<p><a href=\"https:\/\/docs.google.com\/open?id=0B1BcifcYWXmLd0ZobElsYm1INDA\">Orden de 17 de mayo de 1995<\/a>, por la que se modifica el anexo de la Orden de 28 de septiembre de 1989, que establece los m\u00e9todos de an\u00e1lisis necesarios para el control de la composici\u00f3n de los productos cosm\u00e9ticos. <\/p>\n<p><a href=\"https:\/\/docs.google.com\/open?id=0B1BcifcYWXmLTEVCMHlNNXlldnM\">Orden de 19 de octubre de 1990<\/a>, por la que se modifica el anexo de la Orden de 28 de septiembre de 1989, que establece los m\u00e9todos de an\u00e1lisis necesarios para el control de la composici\u00f3n de los productos cosm\u00e9ticos. <\/p>\n<p><a href=\"https:\/\/docs.google.com\/open?id=0B1BcifcYWXmLR2FhSEo2RXUydUU\">Orden de 28 de septiembre de 1989<\/a>, por la que se establecen los m\u00e9todos de an\u00e1lisis necesarios para el control de la composici\u00f3n de los productos cosm\u00e9ticos. <\/p>\n<p><a href=\"https:\/\/docs.google.com\/open?id=0B1BcifcYWXmLY252a3pZVTZlRHM\">Orden de 3 de agosto de 2000<\/a>, por la que se aplaza la fecha a partir de la cual quedan prohibidos los experimentos con animales, para ingredientes o combinaciones de ingredientes de productos cosm\u00e9ticos. <\/p>\n<p><a href=\"https:\/\/docs.google.com\/open?id=0B1BcifcYWXmLOWItQm93MmkyWW8\">Orden de 14 de febrero de 1996<\/a>, por la que se constituye el Comit\u00e9 Asesor de Cosmetolog\u00eda.<\/p>\n<p>[\/et_pb_accordion_item][et_pb_accordion_item title=\u00a0\u00bbLEGISLACI\u00d3N EUROPEA\u00a0\u00bb _builder_version=\u00a0\u00bb4.13.1&Prime; _module_preset=\u00a0\u00bbdefault\u00a0\u00bb hover_enabled=\u00a0\u00bb0&Prime; global_colors_info=\u00a0\u00bb{}\u00a0\u00bb open=\u00a0\u00bboff\u00a0\u00bb sticky_enabled=\u00a0\u00bb0&Prime;]<\/p>\n<p><a href=\"https:\/\/docs.google.com\/open?id=0B1BcifcYWXmLb0RfOVZ0ODR0NnM\">Reglamento (CE) n\u00b0 1223\/2009<\/a> del Parlamento Europeo y del Consejo, de 30 de noviembre de 2009, sobre los productos cosm\u00e9ticos.<\/p>\n<h5>Modificado por: <\/h5>\n<p><a href=\"https:\/\/drive.google.com\/file\/d\/1uAt5oV-5nuz9Kld3Pu7ftWIqCShoFKqA\/view?usp=sharing\">Reglamento (UE) 2021\/1902<\/a> de la Comisi\u00f3n de 29 de octubre de 2021 por el que se modifican los anexos II, III y V del Reglamento (CE) n.o 1223\/2009 del Parlamento Europeo y del Consejo en lo que se refiere al uso en productos cosm\u00e9ticos de determinadas sustancias clasificadas como carcin\u00f3genas, mut\u00e1genas o t\u00f3xicas para la reproducci\u00f3n.<\/p>\n<p><a href=\"https:\/\/drive.google.com\/file\/d\/1c33hAsIrvEsivEc-Rucb24a_UUZVZ4Yx\/view?usp=sharing\">Reglamento (UE) 2021\/1099<\/a> de la Comisi\u00f3n de 5 de julio de 2021 por el que se modifican los anexos II y III del Reglamento (CE) n\u00ba 1223\/2009 del Parlamento Europeo y del Consejo, sobre los productos cosm\u00e9ticos.<\/p>\n<p><a href=\"https:\/\/drive.google.com\/file\/d\/12vsKk-42pT1LoB4ssDIyhfi8J9lJuKVs\/view?usp=sharing\">Reglamento (UE) 2021\/850<\/a> de la Comisi\u00f3n de 26 de mayo de 2021 por el que se modifica y corrige el anexo II y se modifican los anexos III, IV y VI del Reglamento (CE) n.o 1223\/2009 del Parlamento Europeo y del Consejo, sobre los productos cosm\u00e9ticos.<\/p>\n<ul>\n<li><a href=\"https:\/\/drive.google.com\/file\/d\/1U1Q70MzHfB0qQ4dn9wry8-SNUyDqjhxC\/view?usp=sharing\">Correcci\u00f3n de errores del Reglamento (UE) 2021\/850<\/a> de la Comisi\u00f3n, de 26 de mayo de 2021, por el que se modifica y corrige el anexo II y se modifican los anexos III, IV y VI del Reglamento (CE) n.o 1223\/2009 del Parlamento Europeo y del Consejo, sobre los productos cosm\u00e9ticos<\/li>\n<\/ul>\n<p><a href=\"https:\/\/drive.google.com\/file\/d\/1uTwUAoTEWOvUEHoGyMOBplbzInbXgyI4\/view?usp=sharing\">Reglamento (UE) 2020\/1684<\/a> de la Comisi\u00f3n de 12 de noviembre de 2020 por el que se modifica el anexo VI del Reglamento (CE) n.o 1223\/2009 del Parlamento Europeo y del Consejo, sobre los productos cosm\u00e9ticos.<\/p>\n<p><a href=\"https:\/\/drive.google.com\/file\/d\/1hoBJEmnFdi3Enwf5MJmo3n4HfOvXGZV6\/view?usp=sharing\">Reglamento (UE) 2020\/1683<\/a> de la Comisi\u00f3n de 12 de noviembre de 2020 por el que se modifican los anexos II y III del Reglamento (CE) n.o 1223\/2009 del Parlamento Europeo y del Consejo sobre los productos cosm\u00e9ticos.<\/p>\n<ul>\n<li><a href=\"https:\/\/drive.google.com\/file\/d\/14Z49EdAA6l_Ksb7v8osDJMNQWRE8owdB\/view?usp=sharing\">Correcci\u00f3n de errores del Reglamento (UE) 2020\/1683<\/a> de la Comisi\u00f3n, de 12 de noviembre de 2020, por el que se modifican los anexos II y III del Reglamento (CE) n.o 1223\/2009 del Parlamento Europeo y del Consejo sobre los productos cosm\u00e9ticos<\/li>\n<\/ul>\n<p><a href=\"https:\/\/drive.google.com\/file\/d\/1kD8VffYWZ9y9ONR7SfOGj84xM0ug5HEA\/view?usp=sharing\">Reglamento (UE) 2020\/1682<\/a> de la Comisi\u00f3n de 12 de noviembre de 2020 por el que se modifica el anexo III del Reglamento (CE) n.o 1223\/2009 del Parlamento Europeo y del Consejo, sobre los productos cosm\u00e9ticos.<\/p>\n<p><a href=\"https:\/\/drive.google.com\/open?id=13cFaGgLqft7Bh2whmu_cg2pHVRAJ28EQ\">Reglamento (UE) 2019\/1966<\/a> de la Comisi\u00f3n de 27 de noviembre de 2019 por el que se modifican y corrigen los anexos II, III y V del Reglamento (CE) n.o 1223\/2009 del Parlamento Europeo y del Consejo, sobre los productos cosm\u00e9ticos.<\/p>\n<ul>\n<li><a href=\"https:\/\/drive.google.com\/open?id=1KWE6S7RByv9NcAYPIaKYE0G5INrQncTN\">Correcci\u00f3n de errores del Reglamento (UE) 2019\/1966<\/a> de la Comisi\u00f3n, de 27 de noviembre de 2019, por el que se modifican y corrigen los anexos II, III y V del Reglamento (CE) n.o 1223\/2009 del Parlamento Europeo y del Consejo, sobre los productos cosm\u00e9ticos.<\/li>\n<\/ul>\n<p><a href=\"https:\/\/drive.google.com\/open?id=1_dsoYl0cWG4igUyH-61GHgYs836vZawj\">Reglamento (UE) 2019\/1858<\/a> de la Comisi\u00f3n de 6 de noviembre de 2019 por el que se modifica el anexo V del Reglamento (CE) n.o 1223\/2009 del Parlamento Europeo y del Consejo, sobre los productos cosm\u00e9ticos.<\/p>\n<p><a href=\"https:\/\/drive.google.com\/open?id=1yfjtHwNKPNr3Qc0PdBj_sFjh0hqn2TVJ\">Reglamento (UE) 2019\/1857<\/a> de la Comisi\u00f3n de 6 de noviembre de 2019 por el que se modifica el anexo VI del Reglamento (CE) n.o 1223\/2009 del Parlamento Europeo y del Consejo, sobre los productos cosm\u00e9ticos.<\/p>\n<p><a href=\"https:\/\/drive.google.com\/file\/d\/1tZDINuJwfEkBRFQXr-ODH2klYtWlXi14\/view?usp=sharing\">Reglamento (UE) 2019\/831<\/a> de la Comisi\u00f3n, de 22 de mayo de 2019, por el que se modifican los anexos II, III y V del Reglamento (CE) n.\u00b0 1223\/2009 del Parlamento Europeo y del Consejo, sobre los productos cosm\u00e9ticos.<\/p>\n<p><a href=\"https:\/\/drive.google.com\/open?id=1y7kJa7ZhTR2qs8Gyaks40fMwEnyGVz7U\">Reglamento (UE) 2019\/698<\/a> de la Comisi\u00f3n, de 30 de abril de 2019, que modifica los anexos III y V del Reglamento (CE) n.\u00b0 1223\/2009 del Parlamento Europeo y del Consejo, sobre los productos cosm\u00e9ticos.<\/p>\n<p><a href=\"https:\/\/drive.google.com\/open?id=1D_Wp2g_Pvridg9MKAkcHQ2ejG5ARWdfq\">Reglamento (UE) 2019\/681<\/a> de la Comisi\u00f3n, de 30 de abril de 2019, por el que se modifica el anexo II del Reglamento (CE) n.\u00b0 1223\/2009 del Parlamento Europeo y del Consejo, sobre los productos cosm\u00e9ticos.<\/p>\n<p><a href=\"https:\/\/drive.google.com\/open?id=10-1SlgFps2l2TQNC1axvOvmaxnHi_hM9\">Reglamento (UE) 2019\/680<\/a> de la Comisi\u00f3n, de 30 de abril de 2019, por el que se modifica el anexo VI del Reglamento (CE) n.\u00b0 1223\/2009 del Parlamento Europeo y del Consejo, sobre los productos cosm\u00e9ticos.<\/p>\n<p><a href=\"https:\/\/drive.google.com\/open?id=1ddiM9Gv4m_TXJ2iPkl-E0ntoMeY-Q-TQ\">Reglamento (UE) 2018\/1847<\/a> de la Comisi\u00f3n, de 26 de noviembre de 2018, por el que se modifica el anexo V del Reglamento (CE) n.o 1223\/2009 del Parlamento Europeo y del Consejo, sobre los productos cosm\u00e9ticos.<\/p>\n<p><a href=\"https:\/\/drive.google.com\/open?id=1xmRrgg1QwtMTkaHKdrAzkjD1-UCGuKsy\">Reglamento (UE) 2018\/978<\/a> de la Comisi\u00f3n, de 9 de julio de 2018, por el que se modifican los anexos II y III del Reglamento (CE) n.\u00b0 1223\/2009 del Parlamento Europeo y del Consejo sobre los productos cosm\u00e9ticos.<\/p>\n<p><a href=\"https:\/\/drive.google.com\/open?id=1lWBTwd2utWKfRlhpSBxLdJiUc_chdhlC\">Reglamento (UE) 2018\/885<\/a> de la Comisi\u00f3n, de 20 de junio de 2018, por el que se modifica el anexo VI del Reglamento (CE) n.\u00b0 1223\/2009 del Parlamento Europeo y del Consejo, sobre los productos cosm\u00e9ticos.<\/p>\n<p><a href=\"https:\/\/drive.google.com\/open?id=1ouMlYTQMQ5Gdnte8I6fvv8QAFg9W_B0O\">Reglamento (UE) 2017\/2228<\/a> de la Comisi\u00f3n, de 4 de diciembre de 2017, por el que se modifica el anexo III del Reglamento (CE) n.\u00b0 1223\/2009 del Parlamento Europeo y del Consejo, sobre los productos cosm\u00e9ticos.<\/p>\n<p><a href=\"https:\/\/drive.google.com\/open?id=0B1BcifcYWXmLMmhMNE5IZFpiQWM\">Reglamento (UE) 2017\/1413 <\/a>de la Comisi\u00f3n, de 3 de agosto de 2017, por el que se modifica el anexo IV del Reglamento (CE) n.o 1223\/2009 del Parlamento Europeo y del Consejo, sobre los productos cosm\u00e9ticos. <\/p>\n<p><a href=\"https:\/\/drive.google.com\/open?id=0B1BcifcYWXmLUmNra0lkUkRIUXc\">Reglamento (UE) 2017\/1410<\/a> de la Comisi\u00f3n, de 2 de agosto de 2017, por el que se modifican los anexos II y III del Reglamento (CE) n.\u00b0 1223\/2009 del Parlamento Europeo y del Consejo, sobre los productos cosm\u00e9ticos.<\/p>\n<p><a href=\"https:\/\/drive.google.com\/open?id=0B1BcifcYWXmLSDJEVGNoQ3V0dTQ\">Reglamento (UE) 2017\/1224<\/a> de la Comisi\u00f3n, de 6 de julio de 2017, por el que se modifica el anexo V del Reglamento (CE) n.o 1223\/2009 del Parlamento Europeo y del Consejo, sobre los productos cosm\u00e9ticos<\/p>\n<p><a href=\"https:\/\/drive.google.com\/open?id=0B1BcifcYWXmLLVB4RFcxYlJlc0k\">Reglamento (UE) 2017\/238<\/a> de la Comisi\u00f3n, de 10 de febrero de 2017, por el que se modifica el anexo VI del Reglamento (CE) n.o 1223\/2009 del Parlamento Europeo y del Consejo, sobre los productos cosm\u00e9ticos.<\/p>\n<p><a href=\"https:\/\/drive.google.com\/open?id=0B1BcifcYWXmLU0txTlhialh3Zkk\">Reglamento (UE) 2017\/237<\/a> de la Comisi\u00f3n, de 10 de febrero de 2017, por el que se modifica el anexo III del Reglamento (CE) n.o 1223\/2009 del Parlamento Europeo y del Consejo sobre los productos cosm\u00e9ticos.<\/p>\n<p><a href=\"https:\/\/drive.google.com\/open?id=0B1BcifcYWXmLVUVid1ZHZC1zVDQ\">Reglamento (UE) 2016\/1198<\/a> de la Comisi\u00f3n, de 22 de julio de 2016, por el que se modifica el anexo V del Reglamento (CE) n.\u00b0 1223\/2009 del Parlamento Europeo y del Consejo, sobre los productos cosm\u00e9ticos.<\/p>\n<p><a href=\"https:\/\/drive.google.com\/open?id=0B1BcifcYWXmLdmdTWnRzTWZwbms\">Reglamento (UE) 2016\/1143<\/a> de la Comisi\u00f3n, de 13 de julio de 2016, por el que se modifica el anexo VI del Reglamento (CE) n.o 1223\/2009 del Parlamento Europeo y del Consejo, sobre los productos cosm\u00e9ticos<\/p>\n<p><a href=\"https:\/\/drive.google.com\/open?id=0B1BcifcYWXmLNEdFZEZQSzFKVWM\">Reglamento (UE) 2016\/1121<\/a> de la Comisi\u00f3n, de 11 de julio de 2016, por el que se modifica el anexo V del Reglamento (CE) n.o 1223\/2009 del Parlamento Europeo y del Consejo, sobre los productos cosm\u00e9ticos<\/p>\n<p><a href=\"https:\/\/drive.google.com\/open?id=0B1BcifcYWXmLNHFMSGRPTjktUU0\">Reglamento (UE) 2016\/1120<\/a> de la Comisi\u00f3n, de 11 de julio de 2016, por el que se modifica el anexo IV del Reglamento (CE) n.o 1223\/2009 del Parlamento Europeo y del Consejo, sobre los productos cosm\u00e9ticos<\/p>\n<p><a href=\"https:\/\/drive.google.com\/file\/d\/0B1BcifcYWXmLbFNOc2pTaG55b0E\/view?usp=sharing\">Reglamento (UE) 2016\/622<\/a> de la Comisi\u00f3n, de 21 de abril de 2016, por el que se modifica el anexo III del Reglamento (CE) n.o 1223\/2009 del Parlamento Europeo y del Consejo, sobre los productos cosm\u00e9ticos<\/p>\n<p><a href=\"https:\/\/drive.google.com\/file\/d\/0B1BcifcYWXmLdl9xTFprUFQxVnc\/view?usp=sharing\">Reglamento (UE) 2016\/621<\/a> de la Comisi\u00f3n, de 21 de abril de 2016, por el que se modifica el anexo VI del Reglamento (CE) n.o 1223\/2009 del Parlamento Europeo y del Consejo, sobre los productos cosm\u00e9ticos<\/p>\n<p><a href=\"https:\/\/drive.google.com\/file\/d\/0B1BcifcYWXmLM29qTTFhczM2MWs\/view?usp=sharing\">Reglamento (UE) 2016\/314<\/a> de la Comisi\u00f3n, de 4 de marzo de 2016, por el que se modifica el anexo III del Reglamento (CE) n.o 1223\/2009 del Parlamento Europeo y del Consejo, sobre los productos cosm\u00e9ticos<\/p>\n<p><a href=\"https:\/\/drive.google.com\/file\/d\/0B1BcifcYWXmLMlJyakVienc5eEU\/view?usp=sharing\">Reglamento (UE) 2015\/1298<\/a> de la Comisi\u00f3n, de 28 de julio de 2015, por el que se modifican los anexos II y VI del Reglamento (CE) no 1223\/2009 del Parlamento Europeo y del Consejo, sobre los productos cosm\u00e9ticos.<\/p>\n<p><a href=\"https:\/\/drive.google.com\/file\/d\/0B1BcifcYWXmLbVhNWlNwX2ZHUlk\/edit?usp=sharing\">Reglamento (UE) no 1004\/2014 <\/a>de la Comisi\u00f3n, de 18 de septiembre de 2014, por el que se modifica el anexo V del Reglamento (CE) no 1223\/2009 del Parlamento Europeo y del Consejo, sobre los productos cosm\u00e9ticos.<\/p>\n<p><a href=\"https:\/\/drive.google.com\/file\/d\/0B1BcifcYWXmLbWdPd0N2eVY5bms\/edit?usp=sharing\">Reglamento (UE) no 1003\/2014 <\/a>de la Comisi\u00f3n, de 18 de septiembre de 2014, por el que se modifica el anexo V del Reglamento (CE) no 1223\/2009 del Parlamento Europeo y del Consejo, sobre los productos cosm\u00e9ticos.<\/p>\n<p><a href=\"https:\/\/drive.google.com\/file\/d\/0B1BcifcYWXmLaTVIdHI3bnRpZ3dzWmhUS2ZCOUhIUE13Y1Bv\/edit?usp=sharing\">Reglamento (UE) no 866\/2014 <\/a>de la Comisi\u00f3n, de 8 de agosto de 2014, por el que se modifican los anexos III, V y VI del Reglamento (CE) no 1223\/2009 del Parlamento Europeo y del Consejo, sobre los productos cosm\u00e9ticos.<\/p>\n<p><a href=\"https:\/\/drive.google.com\/file\/d\/0B1BcifcYWXmLMjhmR1FENWY1TnU1ZGdIeERzbTE1ekFYSE5n\/edit?usp=sharing\">Correcci\u00f3n de errores del Reglamento (UE) no 866\/2014<\/a> de la Comisi\u00f3n, de 8 de agosto de 2014, por el que se modifican los anexos III, V y VI del Reglamento (CE) no 1223\/2009 del Parlamento Europeo y del Consejo, sobre los productos cosm\u00e9ticos.<\/p>\n<p><a href=\"https:\/\/drive.google.com\/file\/d\/0B1BcifcYWXmLemdzVDBaN3lFZ1E\/edit?usp=sharing\">Reglamento (UE) no 358\/2014 <\/a>de la Comisi\u00f3n, de 9 de abril de 2014, que modifica los anexos II y V del Reglamento (CE) no 1223\/2009 del Parlamento Europeo y del Consejo, sobre los productos cosm\u00e9ticos<\/p>\n<p><a href=\"https:\/\/drive.google.com\/file\/d\/0B1BcifcYWXmLUUQtdUZuZWprSkk\/edit?usp=sharing\">Reglamento (UE) no 1197\/2013<\/a> de la Comisi\u00f3n, de 25 de noviembre de 2013, por el que se modifica el anexo III del Reglamento (CE) no 1223\/2009 del Parlamento Europeo y del Consejo sobre los productos cosm\u00e9ticos que esperamos sea de su inter\u00e9s.<\/p>\n<p><a href=\"https:\/\/docs.google.com\/file\/d\/0B1BcifcYWXmLUE1qSFlyd3NkLW8\/edit?usp=sharing\">Reglamento (UE) no 658\/2013<\/a> de la Comisi\u00f3n, de 10 de julio de 2013, por el que se modifican los anexos II y III del Reglamento (CE) no 1223\/2009 del Parlamento Europeo y del Consejo, sobre los productos cosm\u00e9ticos.<\/p>\n<p><a href=\"https:\/\/docs.google.com\/file\/d\/0B1BcifcYWXmLdFI0Tjl0cVVxckk\/edit?usp=sharing\">Reglamento (UE) no 655\/2013<\/a> de la Comisi\u00f3n, de 10 de julio de 2013, por el que se establecen los criterios comunes a los que deben responder las reivindicaciones relativas a los productos cosm\u00e9ticos.<\/p>\n<p><a href=\"https:\/\/docs.google.com\/file\/d\/0B1BcifcYWXmLaDZpYl9CYVA3QWs\/edit?usp=sharing\">Reglamento (UE) no 483\/2013<\/a> de la Comisi\u00f3n, de 24 de mayo de 2013, por el que se modifica el anexo III del Reglamento (CE) no 1223\/2009 del Parlamento Europeo y del Consejo sobre los productos cosm\u00e9ticos<\/p>\n<p><a href=\"https:\/\/docs.google.com\/file\/d\/0B1BcifcYWXmLMW1TdjdBM1NETnc\/edit?usp=sharing\">Reglamento (UE) no 344\/2013<\/a> de la Comisi\u00f3n, de 4 de abril de 2013, por el que se modifican los anexos II, III, V y VI del Reglamento (CE) n\u00ba 1223\/2009 del Parlamento Europeo y del Consejo sobre los productos cosm\u00e9ticos.<\/p>\n<p><a href=\"https:\/\/docs.google.com\/file\/d\/0B1BcifcYWXmLMEgtUnVMQjl1UE0\/edit?usp=sharing\">Correcci\u00f3n de errores del Reglamento (UE) no 344\/2013<\/a> de la Comisi\u00f3n, de 4 de abril de 2013, por el que se modifican los anexos II, III, V y VI del Reglamento (CE) no 1223\/2009 del Parlamento Europeo y del Consejo, sobre los productos cosm\u00e9ticos.<\/p>\n<p><a href=\"http:\/\/https:\/\/drive.google.com\/open?id=1B5xJQtOf7PCEKIhNVQdLKrxxnpZ_VaW_\">Decisi\u00f3n (UE) 2019\/701<\/a> de la Comisi\u00f3n, de 5 de abril de 2019, por la que se establece un glosario de nombres comunes de ingredientes para su utilizaci\u00f3n en el etiquetado de los productos cosm\u00e9ticos.<\/p>\n<p>[\/et_pb_accordion_item][et_pb_accordion_item title=\u00a0\u00bbETIQUETA ECOL\u00d3GICA DE LA UNI\u00d3N EUROPEA\u00a0\u00bb _builder_version=\u00a0\u00bb4.13.1&Prime; _module_preset=\u00a0\u00bbdefault\u00a0\u00bb hover_enabled=\u00a0\u00bb0&Prime; global_colors_info=\u00a0\u00bb{}\u00a0\u00bb open=\u00a0\u00bboff\u00a0\u00bb sticky_enabled=\u00a0\u00bb0&Prime;]<\/p>\n<p>La etiqueta ecol\u00f3gica de la Uni\u00f3n Europea es el sistema de etiquetado ecol\u00f3gico voluntario, creado en la Uni\u00f3n Europea en el a\u00f1o 1992, para promover la comercializaci\u00f3n de productos y servicios que sean m\u00e1s respetuosos con el medio ambiente.<\/p>\n<p><a href=\"https:\/\/drive.google.com\/file\/d\/1HhdANct32UIVPxJJr04rinM-Aqja0XhM\/view?usp=sharing\">Decisi\u00f3n (UE) 2021\/1870 de la Comisi\u00f3n de 22 de octubre de 2021<\/a> por la que se establecen los criterios para la concesi\u00f3n de la etiqueta ecol\u00f3gica de la UE a los productos cosm\u00e9ticos y productos de cuidado animal.<\/p>\n<p><a href=\"https:\/\/drive.google.com\/file\/d\/0B1BcifcYWXmLckctZm5FTWFTZlE\/view?usp=sharing\">Decisi\u00f3n de la Comisi\u00f3n, de 9 de diciembre de 2014<\/a>, por la que se establecen los criterios ecol\u00f3gicos para la concesi\u00f3n de la etiqueta ecol\u00f3gica europea a los productos cosm\u00e9ticos que precisan de aclarado.<\/p>\n<p><a href=\"https:\/\/docs.google.com\/file\/d\/0B1BcifcYWXmLaUN4TmlIazF2YWM\/edit?usp=sharing\">Decisi\u00f3n de la Comisi\u00f3n de 21 de junio de 2007<\/a> por la que se establecen los criterios ecol\u00f3gicos para la concesi\u00f3n de la etiqueta ecol\u00f3gica comunitaria a jabones, champ\u00fas y acondicionadores de cabello.<\/p>\n<h5>Modificado por: <\/h5>\n<ul>\n<li><a href=\"https:\/\/drive.google.com\/file\/d\/0B1BcifcYWXmLejRUbUNuQ2dyQzg\/edit?usp=sharing\">Decisi\u00f3n de la Comisi\u00f3n, de 19 de diciembre de 2013<\/a>, por la que se modifica la Decisi\u00f3n 2007\/506\/CE al objeto de prorrogar la vigencia de los criterios ecol\u00f3gicos para la concesi\u00f3n de la etiqueta ecol\u00f3gica de la UE a jabones, champ\u00fas y acondicionadores de cabello<\/li>\n<\/ul>\n<p>[\/et_pb_accordion_item][et_pb_accordion_item title=\u00a0\u00bbENLACES DE INTER\u00c9S\u00a0\u00bb _builder_version=\u00a0\u00bb4.13.1&Prime; _module_preset=\u00a0\u00bbdefault\u00a0\u00bb hover_enabled=\u00a0\u00bb0&Prime; global_colors_info=\u00a0\u00bb{}\u00a0\u00bb open=\u00a0\u00bbon\u00a0\u00bb sticky_enabled=\u00a0\u00bb0&Prime;]<\/p>\n<p><a href=\"http:\/\/ec.europa.eu\/consumers\/cosmetics\/cosing\/\">Base de datos<\/a> de ingredientes autorizados por la Comisi\u00f3n Europea.<\/p>\n<p>[\/et_pb_accordion_item][\/et_pb_accordion][\/et_pb_column][\/et_pb_row][\/et_pb_section]<\/p>\n","protected":false},"excerpt":{"rendered":"<p>Legislaci\u00f3n deproductos cosm\u00e9ticosEn este apartado se resume la legislaci\u00f3n aplicable a los productos cosm\u00e9ticos en Espa\u00f1a.Real Decreto 85\/2018, de 23 de febrero, sobre productos cosm\u00e9ticos. Real Decreto 1599\/1997, de 17 de octubre, sobre productos cosm\u00e9ticos. Modificado por: Real Decreto 944\/2010, de 23 de julio, por el que se modifica el Real Decreto 1599\/1997, de 17 [&hellip;]<\/p>\n","protected":false},"author":31,"featured_media":0,"parent":3759,"menu_order":430,"comment_status":"closed","ping_status":"closed","template":"","meta":{"_et_pb_use_builder":"on","_et_pb_old_content":"","_et_gb_content_width":"","footnotes":""},"class_list":["post-3769","page","type-page","status-publish","hentry"],"yoast_head":"<!-- This site is optimized with the Yoast SEO plugin v27.5 - https:\/\/yoast.com\/product\/yoast-seo-wordpress\/ -->\n<title>Legislaci\u00f3n productos cosm\u00e9ticos - uasolucions<\/title>\n<meta name=\"robots\" content=\"index, follow, max-snippet:-1, max-image-preview:large, max-video-preview:-1\" \/>\n<link rel=\"canonical\" href=\"https:\/\/uasolucions.com\/fr\/legislacions\/legislacion-productos-cosmeticos\/\" \/>\n<meta property=\"og:locale\" content=\"fr_FR\" \/>\n<meta property=\"og:type\" content=\"article\" \/>\n<meta property=\"og:title\" content=\"Legislaci\u00f3n productos cosm\u00e9ticos - uasolucions\" \/>\n<meta property=\"og:description\" content=\"Legislaci\u00f3n deproductos cosm\u00e9ticosEn este apartado se resume la legislaci\u00f3n aplicable a los productos cosm\u00e9ticos en Espa\u00f1a.Real Decreto 85\/2018, de 23 de febrero, sobre productos cosm\u00e9ticos. Real Decreto 1599\/1997, de 17 de octubre, sobre productos cosm\u00e9ticos. Modificado por: Real Decreto 944\/2010, de 23 de julio, por el que se modifica el Real Decreto 1599\/1997, de 17 [&hellip;]\" \/>\n<meta property=\"og:url\" content=\"https:\/\/uasolucions.com\/fr\/legislacions\/legislacion-productos-cosmeticos\/\" \/>\n<meta property=\"og:site_name\" content=\"uasolucions\" \/>\n<meta property=\"article:modified_time\" content=\"2022-01-12T22:33:49+00:00\" \/>\n<meta property=\"og:image\" content=\"https:\/\/uasolucions.com\/wp-content\/uploads\/2021\/12\/logo_uasolution.png\" \/>\n\t<meta property=\"og:image:width\" content=\"600\" \/>\n\t<meta property=\"og:image:height\" content=\"141\" \/>\n\t<meta property=\"og:image:type\" content=\"image\/png\" \/>\n<meta name=\"twitter:card\" content=\"summary_large_image\" \/>\n<meta name=\"twitter:label1\" content=\"Dur\u00e9e de lecture estim\u00e9e\" \/>\n\t<meta name=\"twitter:data1\" content=\"19 minutes\" \/>\n<script type=\"application\/ld+json\" class=\"yoast-schema-graph\">{\"@context\":\"https:\\\/\\\/schema.org\",\"@graph\":[{\"@type\":\"WebPage\",\"@id\":\"https:\\\/\\\/uasolucions.com\\\/fr\\\/legislacions\\\/legislacion-productos-cosmeticos\\\/\",\"url\":\"https:\\\/\\\/uasolucions.com\\\/fr\\\/legislacions\\\/legislacion-productos-cosmeticos\\\/\",\"name\":\"Legislaci\u00f3n productos cosm\u00e9ticos - uasolucions\",\"isPartOf\":{\"@id\":\"https:\\\/\\\/uasolucions.com\\\/fr\\\/#website\"},\"datePublished\":\"2022-01-12T22:33:48+00:00\",\"dateModified\":\"2022-01-12T22:33:49+00:00\",\"breadcrumb\":{\"@id\":\"https:\\\/\\\/uasolucions.com\\\/fr\\\/legislacions\\\/legislacion-productos-cosmeticos\\\/#breadcrumb\"},\"inLanguage\":\"fr-FR\",\"potentialAction\":[{\"@type\":\"ReadAction\",\"target\":[\"https:\\\/\\\/uasolucions.com\\\/fr\\\/legislacions\\\/legislacion-productos-cosmeticos\\\/\"]}]},{\"@type\":\"BreadcrumbList\",\"@id\":\"https:\\\/\\\/uasolucions.com\\\/fr\\\/legislacions\\\/legislacion-productos-cosmeticos\\\/#breadcrumb\",\"itemListElement\":[{\"@type\":\"ListItem\",\"position\":1,\"name\":\"Inici\",\"item\":\"https:\\\/\\\/uasolucions.com\\\/fr\\\/\"},{\"@type\":\"ListItem\",\"position\":2,\"name\":\"L\u00e9gislation\",\"item\":\"https:\\\/\\\/uasolucions.com\\\/fr\\\/legislacions\\\/\"},{\"@type\":\"ListItem\",\"position\":3,\"name\":\"Legislaci\u00f3n productos cosm\u00e9ticos\"}]},{\"@type\":\"WebSite\",\"@id\":\"https:\\\/\\\/uasolucions.com\\\/fr\\\/#website\",\"url\":\"https:\\\/\\\/uasolucions.com\\\/fr\\\/\",\"name\":\"UA Solucions\",\"description\":\"biocides, medical devices, biocida, producto sanitario, registro, cosm\u00e9tico, cosm\u00e9tic, cosmetic, producte sanitari, productes qu\u00edmics, chemical products, productos qu\u00edmicos, registro, licencia, antis\u00e9ptico, antis\u00e8ptic, hand sanitiser, Spain, Portugal, Espa\u00f1a, Portugal, Espanya, Uni\u00f3 Europea, European Union, Uni\u00f3n Europea\",\"publisher\":{\"@id\":\"https:\\\/\\\/uasolucions.com\\\/fr\\\/#organization\"},\"potentialAction\":[{\"@type\":\"SearchAction\",\"target\":{\"@type\":\"EntryPoint\",\"urlTemplate\":\"https:\\\/\\\/uasolucions.com\\\/fr\\\/?s={search_term_string}\"},\"query-input\":{\"@type\":\"PropertyValueSpecification\",\"valueRequired\":true,\"valueName\":\"search_term_string\"}}],\"inLanguage\":\"fr-FR\"},{\"@type\":\"Organization\",\"@id\":\"https:\\\/\\\/uasolucions.com\\\/fr\\\/#organization\",\"name\":\"Urd\u00ed-Sol\u00e9 & Associats, S.L.\",\"url\":\"https:\\\/\\\/uasolucions.com\\\/fr\\\/\",\"logo\":{\"@type\":\"ImageObject\",\"inLanguage\":\"fr-FR\",\"@id\":\"https:\\\/\\\/uasolucions.com\\\/fr\\\/#\\\/schema\\\/logo\\\/image\\\/\",\"url\":\"https:\\\/\\\/uasolucions.com\\\/wp-content\\\/uploads\\\/2022\\\/03\\\/Isotip-UA.jpg\",\"contentUrl\":\"https:\\\/\\\/uasolucions.com\\\/wp-content\\\/uploads\\\/2022\\\/03\\\/Isotip-UA.jpg\",\"width\":119,\"height\":127,\"caption\":\"Urd\u00ed-Sol\u00e9 & Associats, S.L.\"},\"image\":{\"@id\":\"https:\\\/\\\/uasolucions.com\\\/fr\\\/#\\\/schema\\\/logo\\\/image\\\/\"}}]}<\/script>\n<!-- \/ Yoast SEO plugin. -->","yoast_head_json":{"title":"Legislaci\u00f3n productos cosm\u00e9ticos - uasolucions","robots":{"index":"index","follow":"follow","max-snippet":"max-snippet:-1","max-image-preview":"max-image-preview:large","max-video-preview":"max-video-preview:-1"},"canonical":"https:\/\/uasolucions.com\/fr\/legislacions\/legislacion-productos-cosmeticos\/","og_locale":"fr_FR","og_type":"article","og_title":"Legislaci\u00f3n productos cosm\u00e9ticos - uasolucions","og_description":"Legislaci\u00f3n deproductos cosm\u00e9ticosEn este apartado se resume la legislaci\u00f3n aplicable a los productos cosm\u00e9ticos en Espa\u00f1a.Real Decreto 85\/2018, de 23 de febrero, sobre productos cosm\u00e9ticos. Real Decreto 1599\/1997, de 17 de octubre, sobre productos cosm\u00e9ticos. Modificado por: Real Decreto 944\/2010, de 23 de julio, por el que se modifica el Real Decreto 1599\/1997, de 17 [&hellip;]","og_url":"https:\/\/uasolucions.com\/fr\/legislacions\/legislacion-productos-cosmeticos\/","og_site_name":"uasolucions","article_modified_time":"2022-01-12T22:33:49+00:00","og_image":[{"width":600,"height":141,"url":"https:\/\/uasolucions.com\/wp-content\/uploads\/2021\/12\/logo_uasolution.png","type":"image\/png"}],"twitter_card":"summary_large_image","twitter_misc":{"Dur\u00e9e de lecture estim\u00e9e":"19 minutes"},"schema":{"@context":"https:\/\/schema.org","@graph":[{"@type":"WebPage","@id":"https:\/\/uasolucions.com\/fr\/legislacions\/legislacion-productos-cosmeticos\/","url":"https:\/\/uasolucions.com\/fr\/legislacions\/legislacion-productos-cosmeticos\/","name":"Legislaci\u00f3n productos cosm\u00e9ticos - uasolucions","isPartOf":{"@id":"https:\/\/uasolucions.com\/fr\/#website"},"datePublished":"2022-01-12T22:33:48+00:00","dateModified":"2022-01-12T22:33:49+00:00","breadcrumb":{"@id":"https:\/\/uasolucions.com\/fr\/legislacions\/legislacion-productos-cosmeticos\/#breadcrumb"},"inLanguage":"fr-FR","potentialAction":[{"@type":"ReadAction","target":["https:\/\/uasolucions.com\/fr\/legislacions\/legislacion-productos-cosmeticos\/"]}]},{"@type":"BreadcrumbList","@id":"https:\/\/uasolucions.com\/fr\/legislacions\/legislacion-productos-cosmeticos\/#breadcrumb","itemListElement":[{"@type":"ListItem","position":1,"name":"Inici","item":"https:\/\/uasolucions.com\/fr\/"},{"@type":"ListItem","position":2,"name":"L\u00e9gislation","item":"https:\/\/uasolucions.com\/fr\/legislacions\/"},{"@type":"ListItem","position":3,"name":"Legislaci\u00f3n productos cosm\u00e9ticos"}]},{"@type":"WebSite","@id":"https:\/\/uasolucions.com\/fr\/#website","url":"https:\/\/uasolucions.com\/fr\/","name":"UA Solucions","description":"biocides, medical devices, biocida, producto sanitario, registro, cosm\u00e9tico, cosm\u00e9tic, cosmetic, producte sanitari, productes qu\u00edmics, chemical products, productos qu\u00edmicos, registro, licencia, antis\u00e9ptico, antis\u00e8ptic, hand sanitiser, Spain, Portugal, Espa\u00f1a, Portugal, Espanya, Uni\u00f3 Europea, European Union, Uni\u00f3n Europea","publisher":{"@id":"https:\/\/uasolucions.com\/fr\/#organization"},"potentialAction":[{"@type":"SearchAction","target":{"@type":"EntryPoint","urlTemplate":"https:\/\/uasolucions.com\/fr\/?s={search_term_string}"},"query-input":{"@type":"PropertyValueSpecification","valueRequired":true,"valueName":"search_term_string"}}],"inLanguage":"fr-FR"},{"@type":"Organization","@id":"https:\/\/uasolucions.com\/fr\/#organization","name":"Urd\u00ed-Sol\u00e9 & Associats, S.L.","url":"https:\/\/uasolucions.com\/fr\/","logo":{"@type":"ImageObject","inLanguage":"fr-FR","@id":"https:\/\/uasolucions.com\/fr\/#\/schema\/logo\/image\/","url":"https:\/\/uasolucions.com\/wp-content\/uploads\/2022\/03\/Isotip-UA.jpg","contentUrl":"https:\/\/uasolucions.com\/wp-content\/uploads\/2022\/03\/Isotip-UA.jpg","width":119,"height":127,"caption":"Urd\u00ed-Sol\u00e9 & Associats, S.L."},"image":{"@id":"https:\/\/uasolucions.com\/fr\/#\/schema\/logo\/image\/"}}]}},"_links":{"self":[{"href":"https:\/\/uasolucions.com\/fr\/wp-json\/wp\/v2\/pages\/3769","targetHints":{"allow":["GET"]}}],"collection":[{"href":"https:\/\/uasolucions.com\/fr\/wp-json\/wp\/v2\/pages"}],"about":[{"href":"https:\/\/uasolucions.com\/fr\/wp-json\/wp\/v2\/types\/page"}],"author":[{"embeddable":true,"href":"https:\/\/uasolucions.com\/fr\/wp-json\/wp\/v2\/users\/31"}],"replies":[{"embeddable":true,"href":"https:\/\/uasolucions.com\/fr\/wp-json\/wp\/v2\/comments?post=3769"}],"version-history":[{"count":2,"href":"https:\/\/uasolucions.com\/fr\/wp-json\/wp\/v2\/pages\/3769\/revisions"}],"predecessor-version":[{"id":3771,"href":"https:\/\/uasolucions.com\/fr\/wp-json\/wp\/v2\/pages\/3769\/revisions\/3771"}],"up":[{"embeddable":true,"href":"https:\/\/uasolucions.com\/fr\/wp-json\/wp\/v2\/pages\/3759"}],"wp:attachment":[{"href":"https:\/\/uasolucions.com\/fr\/wp-json\/wp\/v2\/media?parent=3769"}],"curies":[{"name":"wp","href":"https:\/\/api.w.org\/{rel}","templated":true}]}}